{"id":1282,"date":"2024-08-05T10:26:48","date_gmt":"2024-08-05T10:26:48","guid":{"rendered":"https:\/\/kor.hi.is\/?page_id=1282"},"modified":"2024-11-21T13:32:39","modified_gmt":"2024-11-21T13:32:39","slug":"um-korinn","status":"publish","type":"page","link":"https:\/\/kor.hi.is\/?page_id=1282","title":{"rendered":"Um k\u00f3rinn"},"content":{"rendered":"\n<h2 class=\"wp-block-heading\">K\u00f3r<\/h2>\n\n\n\n<figure class=\"wp-block-image size-large is-resized\"><a href=\"https:\/\/kor.hi.is\/wp-content\/uploads\/2024\/11\/Haskolakorinn24-scaled.jpg\"><img loading=\"lazy\" decoding=\"async\" width=\"1024\" height=\"667\" src=\"https:\/\/kor.hi.is\/wp-content\/uploads\/2024\/11\/Haskolakorinn24-1024x667.jpg\" alt=\"\" class=\"wp-image-1342\" style=\"width:674px;height:auto\" srcset=\"https:\/\/kor.hi.is\/wp-content\/uploads\/2024\/11\/Haskolakorinn24-1024x667.jpg 1024w, https:\/\/kor.hi.is\/wp-content\/uploads\/2024\/11\/Haskolakorinn24-300x196.jpg 300w, https:\/\/kor.hi.is\/wp-content\/uploads\/2024\/11\/Haskolakorinn24-768x501.jpg 768w, https:\/\/kor.hi.is\/wp-content\/uploads\/2024\/11\/Haskolakorinn24-1536x1001.jpg 1536w, https:\/\/kor.hi.is\/wp-content\/uploads\/2024\/11\/Haskolakorinn24-2048x1335.jpg 2048w\" sizes=\"auto, (max-width: 767px) 89vw, (max-width: 1000px) 54vw, (max-width: 1071px) 543px, 580px\" \/><\/a><\/figure>\n\n\n\n<p>H\u00e1sk\u00f3lak\u00f3rinn var stofna\u00f0ur \u00e1ri\u00f0 1972 og fagna\u00f0i \u00fev\u00ed h\u00e1lfrar aldar afm\u00e6li s\u00ednu \u00e1ri\u00f0 2022. K\u00f3rinn er a\u00f0 jafna\u00f0i skipa\u00f0ur 60 til 70 nemendum vi\u00f0 H\u00e1sk\u00f3la \u00cdslands, jafnt \u00edslenskum sem erlendum. K\u00f3rinn kemur fram vi\u00f0 helstu vi\u00f0bur\u00f0i sk\u00f3lans, svo sem vi\u00f0 brautskr\u00e1ningu nemenda auk \u00feess a\u00f0 halda sj\u00e1lfst\u00e6\u00f0a t\u00f3nleika \u00e1 hverri \u00f6nn.<br>\u00de\u00e1 fer k\u00f3rinn \u00ed \u00e1rlega vorfer\u00f0 \u00ed lok sk\u00f3la\u00e1rs, \u00fdmist innanlands e\u00f0a utan. K\u00f3rinn hefur teki\u00f0 \u00fe\u00e1tt \u00ed k\u00f3ram\u00f3tum erlendis og unni\u00f0 til ver\u00f0launa \u00ed al\u00fej\u00f3\u00f0legum keppnum. \u00de\u00e1 hefur H\u00e1sk\u00f3lak\u00f3rinn gefi\u00f0 \u00fat fj\u00f6lmargar hlj\u00f3mpl\u00f6tur og geisladiska me\u00f0 \u00edslenskri t\u00f3nlist. \u00cd tilefni af 50 \u00e1ra afm\u00e6li s\u00ednu panta\u00f0i k\u00f3rinn verki\u00f0 The Time is Now eftir B\u00e1ru Gr\u00edmsd\u00f3ttur og frumflutti \u00e1samt Sinf\u00f3n\u00eduhlj\u00f3msveit unga f\u00f3lksins 26. mars 2022. Stj\u00f3rnandi k\u00f3rsins er Gunnsteinn \u00d3lafsson.<\/p>\n\n\n\n<h2 class=\"wp-block-heading\">K\u00f3rstj\u00f3rinn<\/h2>\n\n\n\n<figure class=\"wp-block-image size-full is-resized\"><a href=\"https:\/\/kor.hi.is\/wp-content\/uploads\/2024\/08\/cropped-Gunnsteinn-Olafsson-mynd-jon-gudmundsson.jpg\"><img loading=\"lazy\" decoding=\"async\" width=\"920\" height=\"604\" src=\"https:\/\/kor.hi.is\/wp-content\/uploads\/2024\/08\/cropped-Gunnsteinn-Olafsson-mynd-jon-gudmundsson.jpg\" alt=\"\" class=\"wp-image-1283\" style=\"width:398px;height:auto\" srcset=\"https:\/\/kor.hi.is\/wp-content\/uploads\/2024\/08\/cropped-Gunnsteinn-Olafsson-mynd-jon-gudmundsson.jpg 920w, https:\/\/kor.hi.is\/wp-content\/uploads\/2024\/08\/cropped-Gunnsteinn-Olafsson-mynd-jon-gudmundsson-300x197.jpg 300w, https:\/\/kor.hi.is\/wp-content\/uploads\/2024\/08\/cropped-Gunnsteinn-Olafsson-mynd-jon-gudmundsson-768x504.jpg 768w\" sizes=\"auto, (max-width: 767px) 89vw, (max-width: 1000px) 54vw, (max-width: 1071px) 543px, 580px\" \/><\/a><\/figure>\n\n\n\n<p>Gunnsteinn \u00d3lafsson hefur veri\u00f0 stj\u00f3rnandi H\u00e1sk\u00f3lak\u00f3rsins fr\u00e1 2007. Hann f\u00e6ddist \u00e1 Siglufir\u00f0i \u00e1ri\u00f0 1962 en \u00f3lst upp \u00ed K\u00f3pavogi. Hann stj\u00f3rna\u00f0i K\u00f3r Menntask\u00f3lans \u00ed K\u00f3pavogi fr\u00e1 1979-1983 og samdi fj\u00f6lmargar t\u00f3nsm\u00ed\u00f0ar fyrir k\u00f3rinn undir lei\u00f0s\u00f6gn J\u00f3ns \u00c1sgeirssonar, kennara vi\u00f0 T\u00f3nlistarsk\u00f3lann \u00ed Reykjav\u00edk. Gunnsteinn stunda\u00f0i n\u00e1m \u00ed t\u00f3nsm\u00ed\u00f0um vi\u00f0 Franz Liszt-t\u00f3nlistarakadem\u00eduna \u00ed B\u00fadapest 1983-1987 og \u00ed hlj\u00f3msveitarstj\u00f3rn og t\u00f3nfr\u00e6\u00f0i vi\u00f0 T\u00f3nlistarh\u00e1sk\u00f3lann \u00ed Freiburg \u00ed \u00de\u00fdskalandi 1988-1992. A\u00f0 loknu n\u00e1mi hefur Gunnsteinn starfa\u00f0 sem t\u00f3nsk\u00e1ld, k\u00f3r- og hlj\u00f3msveitarstj\u00f3ri og t\u00f3nlistarkennari vi\u00f0 Listah\u00e1sk\u00f3la \u00cdslands og T\u00f3nlistarsk\u00f3lann \u00ed Reykjav\u00edk, seinna M\u00cdT. Hann hefur einnig safna\u00f0 \u00edslenskum \u00fej\u00f3\u00f0l\u00f6gum fyrir \u00dej\u00f3\u00f0lagasetur sr. Bjarna \u00deorsteinssonar \u00e1 Siglufir\u00f0i og veri\u00f0 listr\u00e6nn stj\u00f3rnandi \u00fej\u00f3\u00f0lagah\u00e1t\u00ed\u00f0arinnar \u00fear fr\u00e1 \u00e1rinu 2000. \u00de\u00e1 hefur Gunnsteinn skrifa\u00f0 barnab\u00e6kur og fr\u00e6\u00f0slub\u00e6kur um n\u00e1tt\u00faru \u00cdslands.<\/p>\n\n\n\n<h2 class=\"wp-block-heading\">\u00c6fingar<\/h2>\n\n\n\n<p>\u00c6fingar H\u00e1sk\u00f3lak\u00f3rsins fara fram \u00e1 \u00feri\u00f0jud\u00f6gum og fimmtud\u00f6gum \u00ed Neskirkju fr\u00e1 klukkan 17:15 til 19:30.<\/p>\n\n\n\n<p><strong>Ef \u00fe\u00fa hefur einhverjar spurningar um \u00e6fingar e\u00f0a innt\u00f6kuprufur vinsamlegast haf\u00f0u samband vi\u00f0 kor@hi.is<\/strong>.<\/p>\n","protected":false},"excerpt":{"rendered":"<p>K\u00f3r H\u00e1sk\u00f3lak\u00f3rinn var stofna\u00f0ur \u00e1ri\u00f0 1972 og fagna\u00f0i \u00fev\u00ed h\u00e1lfrar aldar afm\u00e6li s\u00ednu \u00e1ri\u00f0 2022. K\u00f3rinn er a\u00f0 jafna\u00f0i skipa\u00f0ur 60 til 70 nemendum vi\u00f0 H\u00e1sk\u00f3la \u00cdslands, jafnt \u00edslenskum sem erlendum. K\u00f3rinn kemur fram vi\u00f0 helstu vi\u00f0bur\u00f0i sk\u00f3lans, svo sem vi\u00f0 brautskr\u00e1ningu nemenda auk \u00feess a\u00f0 halda sj\u00e1lfst\u00e6\u00f0a t\u00f3nleika \u00e1 hverri \u00f6nn.\u00de\u00e1 fer k\u00f3rinn \u00ed &hellip; <\/p>\n<p class=\"link-more\"><a href=\"https:\/\/kor.hi.is\/?page_id=1282\" class=\"more-link\">Lesa \u00e1fram<span class=\"screen-reader-text\"> &#8222;Um k\u00f3rinn&#8220;<\/span><\/a><\/p>\n","protected":false},"author":84,"featured_media":0,"parent":0,"menu_order":0,"comment_status":"closed","ping_status":"closed","template":"","meta":{"footnotes":""},"class_list":["post-1282","page","type-page","status-publish","hentry"],"_links":{"self":[{"href":"https:\/\/kor.hi.is\/index.php?rest_route=\/wp\/v2\/pages\/1282","targetHints":{"allow":["GET"]}}],"collection":[{"href":"https:\/\/kor.hi.is\/index.php?rest_route=\/wp\/v2\/pages"}],"about":[{"href":"https:\/\/kor.hi.is\/index.php?rest_route=\/wp\/v2\/types\/page"}],"author":[{"embeddable":true,"href":"https:\/\/kor.hi.is\/index.php?rest_route=\/wp\/v2\/users\/84"}],"replies":[{"embeddable":true,"href":"https:\/\/kor.hi.is\/index.php?rest_route=%2Fwp%2Fv2%2Fcomments&post=1282"}],"version-history":[{"count":4,"href":"https:\/\/kor.hi.is\/index.php?rest_route=\/wp\/v2\/pages\/1282\/revisions"}],"predecessor-version":[{"id":1344,"href":"https:\/\/kor.hi.is\/index.php?rest_route=\/wp\/v2\/pages\/1282\/revisions\/1344"}],"wp:attachment":[{"href":"https:\/\/kor.hi.is\/index.php?rest_route=%2Fwp%2Fv2%2Fmedia&parent=1282"}],"curies":[{"name":"wp","href":"https:\/\/api.w.org\/{rel}","templated":true}]}}